{"id":10266,"date":"2023-09-13T16:10:21","date_gmt":"2023-09-13T14:10:21","guid":{"rendered":"https:\/\/tv.a11.cz\/?post_type=video&#038;p=10266"},"modified":"2023-09-13T18:22:20","modified_gmt":"2023-09-13T16:22:20","slug":"kraj-mesto-a-univerzita-chteji-po-statu-hanacka-kasarna","status":"publish","type":"video","link":"https:\/\/tv.a11.cz\/video\/kraj-mesto-a-univerzita-chteji-po-statu-hanacka-kasarna\/","title":{"rendered":"Kraj, m\u011bsto a univerzita cht\u011bj\u00ed po st\u00e1tu Han\u00e1ck\u00e1 kas\u00e1rna"},"content":{"rendered":"","protected":false},"excerpt":{"rendered":"<p>Nad\u011bje, \u017ee dlouh\u00e1 l\u00e9ta ch\u00e1traj\u00edc\u00ed Han\u00e1ck\u00e1 kas\u00e1rna v centru Olomouce znovu o\u017eij\u00ed, je zase o n\u011bco v\u011bt\u0161\u00ed. M\u011bstsk\u00e9 zastupitelstvo schv\u00e1lilo memorandum o spolupr\u00e1ci s hejtmanstv\u00edm a univerzitou p\u0159i \u017e\u00e1dosti o bez\u00faplatn\u00fd p\u0159evod t\u00e9to rozs\u00e1hl\u00e9, pam\u00e1tkov\u011b chr\u00e1n\u011bn\u00e9 budovy ze st\u00e1tu na kraj.<\/p>\n","protected":false},"author":8,"featured_media":10299,"template":"","categories":[17,157],"porad":[],"region":[106,59],"kategorie":[],"class_list":["post-10266","video","type-video","status-publish","has-post-thumbnail","hentry","category-domaci","category-zpravy","region-olomoucko","region-olomoucky-kraj"],"acf":[],"meta_box":{"nbla_idec":"N2306327","nbla_title":"Kraj, m\u011bsto a univerzita cht\u011bj\u00ed po st\u00e1tu Han\u00e1ck\u00e1 kas\u00e1rna","nbla_subtitle":"","nbla_summary":"","nbla_description":"","nbla_transcription":"Nad\u011bje, \u017ee dlouh\u00e1 l\u00e9ta ch\u00e1traj\u00edc\u00ed Han\u00e1ck\u00e1 kas\u00e1rna v centru Olomouce znovu o\u017eij\u00ed, je zase o n\u011bco v\u011bt\u0161\u00ed. M\u011bstsk\u00e9 zastupitelstvo schv\u00e1lilo memorandum o spolupr\u00e1ci s hejtmanstv\u00edm a univerzitou p\u0159i \u017e\u00e1dosti o bez\u00faplatn\u00fd p\u0159evod t\u00e9to rozs\u00e1hl\u00e9, pam\u00e1tkov\u011b chr\u00e1n\u011bn\u00e9 budovy ze st\u00e1tu na kraj. Ta \u017e\u00e1dost poputuje te\u010f na vl\u00e1du, m\u011blo by se rozhodnout do konce roku, jak to bude d\u00e1le vypadat. Ur\u010dit\u011b je to bez\u00faplatn\u00fd p\u0159evod, my bychom do \u017e\u00e1dn\u00e9ho jin\u00e9ho p\u0159evodu ne\u0161li, ani p\u0159edt\u00edm jsme do toho ne\u0161li, kdy\u017e to bylo je\u0161t\u011b v komer\u010dn\u00ed nab\u00eddce, ani by n\u00e1s nenapadlo, \u017ee bychom m\u011bli do toho investovat. M\u00e1me v tom dnes vlastn\u011b roli jak\u00e9hosi spolu budouc\u00edho u\u017eivatele zhruba v tom rozsahu 30%, 60% by m\u011blo z\u016fstat kraji v r\u00e1mci jeho \u00favah o vyu\u017eit\u00ed, 10% se p\u0159ipojila univerzita, co\u017e byl po\u017eadavek n\u00e1s i kraje a koneckoncu i st\u00e1tu, aby univerzita jako v\u00fdznamn\u00e1 ve\u0159ejn\u00e1 instituce participovala na tom budouc\u00edm vyu\u017eit\u00ed. Kraj u\u017e na pr\u016fzkumy a studii rekonstrukce a mo\u017en\u00e9ho vyu\u017eit\u00ed kas\u00e1ren vy\u010dlenil 1 milion korun. Budova by m\u011bla slou\u017eit hlavn\u011b pro v\u011bdu, kulturu a vzd\u011bl\u00e1v\u00e1n\u00ed, prost\u0159ednictv\u00edm p\u0159\u00edsp\u011bvkov\u00fdch organizac\u00ed kraje. Nutn\u011b pot\u0159ebujeme prostory pro depozit\u00e1\u0159e, pro na\u0161e muzejn\u00ed sb\u00edrky, kter\u00e9 bychom mohli koncentrovat do prostor\u016f, kter\u00e9 nejsou ur\u010deny pro kancel\u00e1\u0159sk\u00e9 v\u00fd\u017eit\u00ed. Radnice by cht\u011bla do budovy p\u0159est\u011bhovat a\u017e 200 sv\u00fdch \u00fa\u0159edn\u00edk\u016f. \u010cekovat by tam mohly soci\u00e1ln\u00ed slu\u017eby i mate\u0159sk\u00e1 \u0161kola. P\u0159ich\u00e1z\u00ed k \u00favahu nap\u0159\u00edklad speci\u00e1ln\u00ed \u010d\u00e1st m\u011bstsk\u00e9 knihovny, kter\u00e1 le\u017e\u00ed p\u0159es cestu a kter\u00e9 chyb\u00ed jak\u00e9si z\u00e1zem\u00ed spole\u010densko-eduka\u010dn\u00ed a podobn\u011b. \u0160ti sk\u0159\u00eddlou budovu s n\u00e1dvo\u0159\u00edm vyu\u017e\u00edvala arm\u00e1da dlouh\u00fdch 170 let. V roce 2013 j\u00ed definitivn\u011b opustila. Od lo\u0148sk\u00e9ho roku v \u010d\u00e1sti objektu s\u00eddl\u00ed centrum pro pomoc v\u00e1le\u010dn\u00fdm uprchl\u00edk\u016fm a sklad humanit\u00e1rn\u00ed sb\u00edrky. St\u00e1t se \u010dty\u0159ikr\u00e1t ne\u00fasp\u011b\u0161n\u011b pokou\u0161el kas\u00e1rna prodat v aukci za 262 milion\u016f, \u017e\u00e1dn\u00fd kupec se ale nena\u0161el. Oprava z ch\u00e1tral\u00e9ho objektu bude je\u0161t\u011b mnohem dra\u017e\u0161\u00ed. Odhaduje se na v\u00edce ne\u017e 800 milion\u016f korun.","nbla_serie":"","nbla_season":"","nbla_episode":"","nbla_duration":"132.16","nbla_genre":"","nbla_editorial_format":"","nbla_mtime":"1694614198","nbla_url":"https:\/\/origin.a11.cz\/vod\/0rsop7m3aikhwyvogljo38jkm.mp4","nbla_version":"1694614198","nbla_odvysilano":"Ano","bunny_id":"ea4b849f-6768-4b6a-aa40-e80b1506319e","youtube_id":"","datum_vydani":"20230913","stopaz":"132.16","dokument":[],"video_to":["10300"]},"_links":{"self":[{"href":"https:\/\/tv.a11.cz\/api\/wp\/v2\/video\/10266","targetHints":{"allow":["GET"]}}],"collection":[{"href":"https:\/\/tv.a11.cz\/api\/wp\/v2\/video"}],"about":[{"href":"https:\/\/tv.a11.cz\/api\/wp\/v2\/types\/video"}],"author":[{"embeddable":true,"href":"https:\/\/tv.a11.cz\/api\/wp\/v2\/users\/8"}],"wp:featuredmedia":[{"embeddable":true,"href":"https:\/\/tv.a11.cz\/api\/wp\/v2\/media\/10299"}],"wp:attachment":[{"href":"https:\/\/tv.a11.cz\/api\/wp\/v2\/media?parent=10266"}],"wp:term":[{"taxonomy":"category","embeddable":true,"href":"https:\/\/tv.a11.cz\/api\/wp\/v2\/categories?post=10266"},{"taxonomy":"porad","embeddable":true,"href":"https:\/\/tv.a11.cz\/api\/wp\/v2\/porad?post=10266"},{"taxonomy":"region","embeddable":true,"href":"https:\/\/tv.a11.cz\/api\/wp\/v2\/region?post=10266"},{"taxonomy":"kategorie","embeddable":true,"href":"https:\/\/tv.a11.cz\/api\/wp\/v2\/kategorie?post=10266"}],"curies":[{"name":"wp","href":"https:\/\/api.w.org\/{rel}","templated":true}]}}