{"id":10264,"date":"2023-09-13T16:02:07","date_gmt":"2023-09-13T14:02:07","guid":{"rendered":"https:\/\/tv.a11.cz\/?post_type=video&#038;p=10264"},"modified":"2023-09-13T17:47:03","modified_gmt":"2023-09-13T15:47:03","slug":"lide-mohli-zazit-kyjov-jinak","status":"publish","type":"video","link":"https:\/\/tv.a11.cz\/video\/lide-mohli-zazit-kyjov-jinak\/","title":{"rendered":"Lid\u00e9 mohli za\u017e\u00edt Kyjov jinak"},"content":{"rendered":"","protected":false},"excerpt":{"rendered":"<p>Nep\u0159ebern\u00e9 mno\u017estv\u00ed nejr\u016fzn\u011bj\u0161\u00edch aktivit, st\u00e1nk\u016f s informacemi, divadlo, hudba nebo sout\u011b\u017ee. Tak vypadal i leto\u0161n\u00ed ro\u010dn\u00edk akce Za\u017e\u00edt Kyjov jinak.<\/p>\n","protected":false},"author":8,"featured_media":10292,"template":"","categories":[17,157],"porad":[],"region":[136,53],"kategorie":[],"class_list":["post-10264","video","type-video","status-publish","has-post-thumbnail","hentry","category-domaci","category-zpravy","region-hodoninsko","region-jihomoravsky-kraj"],"acf":[],"meta_box":{"nbla_idec":"N2307456","nbla_title":"Lid\u00e9 mohli za\u017e\u00edt Kyjov jinak","nbla_subtitle":"","nbla_summary":"","nbla_description":"","nbla_transcription":"Nep\u0159ebern\u00e9 mno\u017estv\u00ed nejr\u016fzn\u011bj\u0161\u00edch aktivit st\u00e1nk\u016f s informacemi divadlo, hudba nebo sout\u011b\u017ee. Tak vypadal i leto\u0161n\u00ed ro\u010dn\u00edk akce Za\u017e\u00edt Kyjov jinak. Aktivn\u00ed obyvatelky a obyvatel\u00e9 Kyjova ji po vzoru n\u011bkter\u00fdch m\u011bst za\u010daly organizovat p\u0159ed 6 lety. P\u0159idala se \u0159ada organizac\u00ed i jednotlivc\u016f. Letos mohli d\u011bti v knihovn\u011b op\u011bt vid\u011bt loutkov\u00e9 divadlo a dosp\u011bl\u00ed si mohli prohl\u00e9dnout v\u00fdstavu zn\u00e1mek nebo v\u00fdrobk\u016f z keramiky. V\u0161ichni mohli namalovat sv\u00e9 m\u00edsto na pomysln\u00e9 map\u011b Kyjova. Obraz p\u0159ipravila Andrea Guzej. Tady je takov\u00fd obraz, kter\u00fd symbolizuje v podstat\u011b propojenost kyjovsk\u00fdch \u010d\u00e1st\u00ed. M\u00e1me tam st\u0159ed a okoln\u00ed n\u011bjak\u00e9 obce nebo \u010d\u00e1sti Kyjova a v podstat\u011b ten obraz je p\u0159edchystan\u00fd a ka\u017ed\u00fd, kdo dojde, tak Andrejka bude zapojovat, aby se vybrali sv\u00e9 barvi\u010dky a ud\u011blali si n\u011bjak\u00e9 m\u00edsto na plo\u0161e obrazu. Zapojili se scouti, myslivci, v\u010dela\u0159i, \u0159emesln\u00edci, organizace, kter\u00e9 se zab\u00fdvaj\u00ed soci\u00e1ln\u00edmi z\u00e1le\u017eitostmi a letos v\u00fdrazn\u011bji ne\u017e v minul\u00fdch ro\u010dnic\u00edch i kyjovsk\u00e9 Slov\u00e1cko v pohybu. Letos, krom\u011b tradi\u010dn\u00edch m\u00edst, jako je m\u011bstsk\u00fd park prostor p\u0159ed gymn\u00e1ziem, d\u016fm d\u011bt\u00ed a ml\u00e1de\u017ee, jsme roz\u0161\u00ed\u0159ili lokality je\u0161t\u011b o vnitrobok Kol\u00e1rov\u00e1 ulice, d\u00e1le je otev\u0159en\u00e1 kaple svat\u00e9ho Josefa, kde \u0159\u00edmskokatolick\u00e1 farnot Kyjov m\u00e1 p\u0159ipraven\u00e9. Dal\u0161\u00ed aktivity, co\u017e je specifikem dne\u0161n\u00edho nebo leto\u0161n\u00edho za\u017e\u00edtk\u00e9ho v\u00fdn\u00e1ky, je graffiti jam, kdy m\u00edstn\u00ed um\u011blci budou skultivov\u00e1vat ze\u010f, kter\u00e1 je obehnan\u00e1 kolem m\u00edstn\u00edho stadionu. J\u00e1 si letos poprv\u00e9 u\u017e\u00edv\u00e1m tu akci jako \u00fa\u010dastn\u00edk, neorganiz\u00e1tor a m\u00e1m velkou radost, proto\u017ee m\u00e1m kone\u010dn\u011b \u010dasto sledovat a nas\u00e1vat z jin\u00e9 strany, tak\u017ee my jsme tady letos za edukant\u00e9 a poskytujeme poradenstv\u00ed rodin\u00e1m, kter\u00e9 o n\u011bkoho pe\u010duj\u00ed, nebo o d\u011bt\u00ed, kter\u00e9 maj\u00ed n\u011bjak\u00e9 tr\u00e1pen\u00ed. Sou\u010d\u00e1st\u00ed t\u00e9to akce je tak\u00e9 v\u017edy sout\u011b\u017e pap\u00edrov\u00fdch model\u016f o poh\u00e1r Kyjovsk\u00e9 radnice. Tu po\u0159\u00e1d\u00e1 m\u00edstn\u00ed klub model\u00e1\u0159\u016f ve spolupr\u00e1ci s domem d\u011bt\u00ed a ml\u00e1de\u017ee a za p\u0159isp\u011bn\u00ed m\u011bsta. Odnocen\u00ed je n\u00e1ro\u010dn\u00e9, pokud se jedn\u00e1 o bodovac\u00ed kategorie, co\u017e jsou mistrovsk\u00e9 kategorie. Letos to m\u00e1me jako mistrovskou leteckou a kosmickou techniku. Funguje to tak, \u017ee na z\u00e1klad\u011b toho, co stoj\u00ed na stole, se ur\u010d\u00ed celkov\u00fd dojem, aby to bylo zhruba rovnom\u011brn\u00e9 a potom se boduje to, co ten model\u00e1\u0159 do toho vkl\u00e1d\u00e1, to znamen\u00e1 \u0159ez, st\u0159ih, pok\u0159ivce, retu\u0161. Sout\u011b\u017e pap\u00edrov\u00fdch model\u016f byla letos rekordn\u00ed. \u00da\u010dastnici z \u010cesk\u00e9 republiky, Slovenska a Polska p\u0159ivezli na 2000 model\u016f z toho 300 sout\u011b\u017en\u00edch.","nbla_serie":"","nbla_season":"","nbla_episode":"","nbla_duration":"165.08","nbla_genre":"","nbla_editorial_format":"","nbla_mtime":"1694613564","nbla_url":"https:\/\/origin.a11.cz\/vod\/0iop1ynbh0naydx7110xgi7qg.mp4","nbla_version":"1694613564","nbla_odvysilano":"Ano","bunny_id":"1fa8e574-e4f6-4434-aec0-a287ccbddbb5","youtube_id":"","datum_vydani":"20230913","stopaz":"165.08","dokument":[],"video_to":["10293"]},"_links":{"self":[{"href":"https:\/\/tv.a11.cz\/api\/wp\/v2\/video\/10264","targetHints":{"allow":["GET"]}}],"collection":[{"href":"https:\/\/tv.a11.cz\/api\/wp\/v2\/video"}],"about":[{"href":"https:\/\/tv.a11.cz\/api\/wp\/v2\/types\/video"}],"author":[{"embeddable":true,"href":"https:\/\/tv.a11.cz\/api\/wp\/v2\/users\/8"}],"wp:featuredmedia":[{"embeddable":true,"href":"https:\/\/tv.a11.cz\/api\/wp\/v2\/media\/10292"}],"wp:attachment":[{"href":"https:\/\/tv.a11.cz\/api\/wp\/v2\/media?parent=10264"}],"wp:term":[{"taxonomy":"category","embeddable":true,"href":"https:\/\/tv.a11.cz\/api\/wp\/v2\/categories?post=10264"},{"taxonomy":"porad","embeddable":true,"href":"https:\/\/tv.a11.cz\/api\/wp\/v2\/porad?post=10264"},{"taxonomy":"region","embeddable":true,"href":"https:\/\/tv.a11.cz\/api\/wp\/v2\/region?post=10264"},{"taxonomy":"kategorie","embeddable":true,"href":"https:\/\/tv.a11.cz\/api\/wp\/v2\/kategorie?post=10264"}],"curies":[{"name":"wp","href":"https:\/\/api.w.org\/{rel}","templated":true}]}}